{"id":1166,"date":"2019-12-05T13:48:00","date_gmt":"2019-12-05T12:48:00","guid":{"rendered":"http:\/\/maisondejusticeetdudroit.fr\/?page_id=1166"},"modified":"2020-01-05T23:32:45","modified_gmt":"2020-01-05T22:32:45","slug":"la-direccte","status":"publish","type":"page","link":"https:\/\/maisondejusticetdudroit.fr\/index.php\/la-direccte\/","title":{"rendered":"La Direccte"},"content":{"rendered":"\t\t<div data-elementor-type=\"wp-page\" data-elementor-id=\"1166\" class=\"elementor elementor-1166\">\n\t\t\t\t\t\t<div class=\"elementor-inner\">\n\t\t\t\t<div class=\"elementor-section-wrap\">\n\t\t\t\t\t\t\t\t\t<section class=\"elementor-section elementor-top-section elementor-element elementor-element-2441ddf elementor-section-full_width elementor-section-height-default elementor-section-height-default\" data-id=\"2441ddf\" data-element_type=\"section\">\n\t\t\t\t\t\t<div class=\"elementor-container elementor-column-gap-default\">\n\t\t\t\t\t\t\t<div class=\"elementor-row\">\n\t\t\t\t\t<div class=\"elementor-column elementor-col-100 elementor-top-column elementor-element elementor-element-a008b0e\" data-id=\"a008b0e\" data-element_type=\"column\">\n\t\t\t<div class=\"elementor-column-wrap elementor-element-populated\">\n\t\t\t\t\t\t\t<div class=\"elementor-widget-wrap\">\n\t\t\t\t\t\t<div class=\"elementor-element elementor-element-451cca2 elementor-widget elementor-widget-image\" data-id=\"451cca2\" data-element_type=\"widget\" data-widget_type=\"image.default\">\n\t\t\t\t<div class=\"elementor-widget-container\">\n\t\t\t\t\t\t\t\t<div class=\"elementor-image\">\n\t\t\t\t\t\t\t\t\t\t\t\t<img loading=\"lazy\" decoding=\"async\" width=\"780\" height=\"77\" src=\"https:\/\/maisondejusticetdudroit.fr\/wp-content\/uploads\/2019\/12\/La-Direccte-nouvelle-aquitaine.png\" class=\"attachment-large size-large no-lazy\" alt=\"\" srcset=\"https:\/\/maisondejusticetdudroit.fr\/wp-content\/uploads\/2019\/12\/La-Direccte-nouvelle-aquitaine.png 950w, https:\/\/maisondejusticetdudroit.fr\/wp-content\/uploads\/2019\/12\/La-Direccte-nouvelle-aquitaine-300x30.png 300w, https:\/\/maisondejusticetdudroit.fr\/wp-content\/uploads\/2019\/12\/La-Direccte-nouvelle-aquitaine-768x76.png 768w\" sizes=\"(max-width: 780px) 100vw, 780px\" \/>\t\t\t\t\t\t\t\t\t\t\t\t\t\t<\/div>\n\t\t\t\t\t\t<\/div>\n\t\t\t\t<\/div>\n\t\t\t\t\t\t<\/div>\n\t\t\t\t\t<\/div>\n\t\t<\/div>\n\t\t\t\t\t\t\t\t<\/div>\n\t\t\t\t\t<\/div>\n\t\t<\/section>\n\t\t\t\t<section class=\"elementor-section elementor-top-section elementor-element elementor-element-bda42ba elementor-section-boxed elementor-section-height-default elementor-section-height-default\" data-id=\"bda42ba\" data-element_type=\"section\">\n\t\t\t\t\t\t<div class=\"elementor-container elementor-column-gap-default\">\n\t\t\t\t\t\t\t<div class=\"elementor-row\">\n\t\t\t\t\t<div class=\"elementor-column elementor-col-100 elementor-top-column elementor-element elementor-element-1073a99\" data-id=\"1073a99\" data-element_type=\"column\">\n\t\t\t<div class=\"elementor-column-wrap elementor-element-populated\">\n\t\t\t\t\t\t\t<div class=\"elementor-widget-wrap\">\n\t\t\t\t\t\t<div class=\"elementor-element elementor-element-6164590 elementor-widget elementor-widget-text-editor\" data-id=\"6164590\" data-element_type=\"widget\" data-widget_type=\"text-editor.default\">\n\t\t\t\t<div class=\"elementor-widget-container\">\n\t\t\t\t\t\t\t\t<div class=\"elementor-text-editor elementor-clearfix\">\n\t\t\t\t\t\t\t\t\t<\/div>\n\t\t\t\t\t\t<\/div>\n\t\t\t\t<\/div>\n\t\t\t\t\t\t<\/div>\n\t\t\t\t\t<\/div>\n\t\t<\/div>\n\t\t\t\t\t\t\t\t<\/div>\n\t\t\t\t\t<\/div>\n\t\t<\/section>\n\t\t\t\t<section class=\"elementor-section elementor-top-section elementor-element elementor-element-f3501cf elementor-section-full_width elementor-section-height-default elementor-section-height-default\" data-id=\"f3501cf\" data-element_type=\"section\">\n\t\t\t\t\t\t<div class=\"elementor-container elementor-column-gap-default\">\n\t\t\t\t\t\t\t<div class=\"elementor-row\">\n\t\t\t\t\t<div class=\"elementor-column elementor-col-100 elementor-top-column elementor-element elementor-element-81bec0d\" data-id=\"81bec0d\" data-element_type=\"column\">\n\t\t\t<div class=\"elementor-column-wrap elementor-element-populated\">\n\t\t\t\t\t\t\t<div class=\"elementor-widget-wrap\">\n\t\t\t\t\t\t<div class=\"elementor-element elementor-element-0bf4355 elementor-widget elementor-widget-text-editor\" data-id=\"0bf4355\" data-element_type=\"widget\" data-widget_type=\"text-editor.default\">\n\t\t\t\t<div class=\"elementor-widget-container\">\n\t\t\t\t\t\t\t\t<div class=\"elementor-text-editor elementor-clearfix\">\n\t\t\t\t<p>A compter du 1er janvier 2016, suite \u00e0 la fusion des r\u00e9gions Aquitaine, Limousin et Poitou-Charentes (ALPC), le si\u00e8ge principal de la Direccte Nouvelle-Aquitaine se situe \u00e0 Bordeaux, au si\u00e8ge de l\u2019ex-Direccte Aquitaine.<\/p><p>La Direccte comprend le si\u00e8ge et 12 Unit\u00e9s d\u00e9partementales implant\u00e9es au chef-lieu de leur d\u00e9partement respectif.<\/p><p>Il existe ainsi une Unit\u00e9 D\u00e9partementale de la Charente-Maritime situ\u00e9e \u00e0 La Rochelle, ainsi qu&rsquo;une antenne \u00e0 Saintes.<\/p><p><strong>Vous pouvez, notamment, contacter le service de renseignements en droit du travail de votre d\u00e9partement, par t\u00e9l\u00e9phone, au :<\/strong> <strong class=\"caractencadre-spip spip\">0 806 000 126, <\/strong>num\u00e9ro unique dans les deux lieux (9h00-11h30 13h30-16h00).<\/p><p><strong>Un<\/strong> <strong>accueil physique y est \u00e9galement possible, le matin, (de 9h00 \u00e0 11h30), et uniquement <a href=\"https:\/\/prv.spublic.fr\/prv_web\/fr\/index.awp?P1=a6c8efecca2f42e4b24906f7044768fc\" target=\"_blank\" rel=\"noopener\">sur rendez-vous<\/a>.<br \/><\/strong><\/p><p>Ces services de renseignements en droit du travail informent, conseillent et orientent les salari\u00e9s et les employeurs du secteur priv\u00e9, en particulier des TPE\/PME. Ils apportent des informations juridiques g\u00e9n\u00e9rales relatives au Code du Travail, aux Conventions Collectives et \u00e0 la Jurisprudence Sociale.<\/p>\t\t\t\t\t<\/div>\n\t\t\t\t\t\t<\/div>\n\t\t\t\t<\/div>\n\t\t\t\t\t\t<\/div>\n\t\t\t\t\t<\/div>\n\t\t<\/div>\n\t\t\t\t\t\t\t\t<\/div>\n\t\t\t\t\t<\/div>\n\t\t<\/section>\n\t\t\t\t<section class=\"elementor-section elementor-top-section elementor-element elementor-element-074477a elementor-section-full_width elementor-section-height-default elementor-section-height-default\" data-id=\"074477a\" data-element_type=\"section\">\n\t\t\t\t\t\t<div class=\"elementor-container elementor-column-gap-default\">\n\t\t\t\t\t\t\t<div class=\"elementor-row\">\n\t\t\t\t\t<div class=\"elementor-column elementor-col-100 elementor-top-column elementor-element elementor-element-8d18ccd\" data-id=\"8d18ccd\" data-element_type=\"column\">\n\t\t\t<div class=\"elementor-column-wrap elementor-element-populated\">\n\t\t\t\t\t\t\t<div class=\"elementor-widget-wrap\">\n\t\t\t\t\t\t<div class=\"elementor-element elementor-element-6dbc9c1 elementor-widget elementor-widget-text-editor\" data-id=\"6dbc9c1\" data-element_type=\"widget\" data-widget_type=\"text-editor.default\">\n\t\t\t\t<div class=\"elementor-widget-container\">\n\t\t\t\t\t\t\t\t<div class=\"elementor-text-editor elementor-clearfix\">\n\t\t\t\t<p><em><strong>A noter :<\/strong> <strong class=\"caractencadre2-spip spip\"><br \/><\/strong><\/em><\/p><ul><li><strong class=\"caractencadre2-spip spip\"><em>Ce service ne peut r\u00e9gler les litiges du contrat de travail qui rel\u00e8vent exclusivement du conseil de prud\u2019hommes, et ne peut participer \u00e0 l\u2019\u00e9laboration d\u2019un dossier pour une instance <\/em><\/strong><em><strong>judiciaire<\/strong><\/em><\/li><\/ul><ul><li><em><b>Cr\u00e9\u00e9 par les ordonnances Travail du 22 septembre 2017, un \u00ab\u00a0code du travail num\u00e9rique\u00a0\u00bb est\u00a0 accessible en ligne et gratuitement depuis le 1er janvier 2020<\/b>. Ce nouveau service public permet directement aux internautes de poser leur question sur le droit du travail et d&rsquo;obtenir des \u00ab\u00a0r\u00e9ponses d\u00e9taill\u00e9es, des fiches explicatives et les articles de loi correspondants\u00a0\u00bb. Vous y trouverez \u00e9galement des r\u00e9ponses par th\u00e9matique (embauche, formation, dur\u00e9e du travail, etc.). Pour vous rendre sur le code du travail num\u00e9rique, cliquer ici : <a href=\"https:\/\/code.travail.gouv.fr\/\" target=\"_blank\" rel=\"noopener\">Acc\u00e9der au code du travail num\u00e9rique<\/a><br \/><\/em><\/li><\/ul>\t\t\t\t\t<\/div>\n\t\t\t\t\t\t<\/div>\n\t\t\t\t<\/div>\n\t\t\t\t\t\t<\/div>\n\t\t\t\t\t<\/div>\n\t\t<\/div>\n\t\t\t\t\t\t\t\t<\/div>\n\t\t\t\t\t<\/div>\n\t\t<\/section>\n\t\t\t\t<section class=\"elementor-section elementor-top-section elementor-element elementor-element-e1c7ac0 elementor-section-boxed elementor-section-height-default elementor-section-height-default\" data-id=\"e1c7ac0\" data-element_type=\"section\">\n\t\t\t\t\t\t<div class=\"elementor-container elementor-column-gap-default\">\n\t\t\t\t\t\t\t<div class=\"elementor-row\">\n\t\t\t\t\t<div class=\"elementor-column elementor-col-100 elementor-top-column elementor-element elementor-element-d85d5b6\" data-id=\"d85d5b6\" data-element_type=\"column\">\n\t\t\t<div class=\"elementor-column-wrap\">\n\t\t\t\t\t\t\t<div class=\"elementor-widget-wrap\">\n\t\t\t\t\t\t\t\t<\/div>\n\t\t\t\t\t<\/div>\n\t\t<\/div>\n\t\t\t\t\t\t\t\t<\/div>\n\t\t\t\t\t<\/div>\n\t\t<\/section>\n\t\t\t\t<section class=\"elementor-section elementor-top-section elementor-element elementor-element-9140fa1 elementor-section-full_width elementor-section-height-default elementor-section-height-default\" data-id=\"9140fa1\" data-element_type=\"section\">\n\t\t\t\t\t\t<div class=\"elementor-container elementor-column-gap-default\">\n\t\t\t\t\t\t\t<div class=\"elementor-row\">\n\t\t\t\t\t<div class=\"elementor-column elementor-col-100 elementor-top-column elementor-element elementor-element-93fb3b4\" data-id=\"93fb3b4\" data-element_type=\"column\">\n\t\t\t<div class=\"elementor-column-wrap elementor-element-populated\">\n\t\t\t\t\t\t\t<div class=\"elementor-widget-wrap\">\n\t\t\t\t\t\t<div class=\"elementor-element elementor-element-1acb7a7 elementor-widget elementor-widget-text-editor\" data-id=\"1acb7a7\" data-element_type=\"widget\" data-widget_type=\"text-editor.default\">\n\t\t\t\t<div class=\"elementor-widget-container\">\n\t\t\t\t\t\t\t\t<div class=\"elementor-text-editor elementor-clearfix\">\n\t\t\t\t<p><strong>Pour en savoir plus, vous pouvez consulter le site de la Direccte de la Charente-Maritime en cliquant sur le lien ci-apr\u00e8s :<\/strong><\/p><p style=\"text-align: center;\"><a href=\"http:\/\/nouvelle-aquitaine.direccte.gouv.fr\/Charente-Maritime\" target=\"_blank\" rel=\"noopener\"><strong>Acc\u00e9der \u00e0 l&rsquo;Unit\u00e9 d\u00e9partementale de la Charente-Maritime<\/strong><\/a><\/p>\t\t\t\t\t<\/div>\n\t\t\t\t\t\t<\/div>\n\t\t\t\t<\/div>\n\t\t\t\t\t\t<\/div>\n\t\t\t\t\t<\/div>\n\t\t<\/div>\n\t\t\t\t\t\t\t\t<\/div>\n\t\t\t\t\t<\/div>\n\t\t<\/section>\n\t\t\t\t\t\t\t\t\t<\/div>\n\t\t\t<\/div>\n\t\t\t\t\t<\/div>\n\t\t","protected":false},"excerpt":{"rendered":"<p>A compter du 1er janvier 2016, suite \u00e0 la fusion des r\u00e9gions Aquitaine, Limousin et Poitou-Charentes (ALPC), le si\u00e8ge principal de la Direccte Nouvelle-Aquitaine se situe \u00e0 Bordeaux, au si\u00e8ge de l\u2019ex-Direccte Aquitaine. La Direccte comprend le si\u00e8ge et 12 Unit\u00e9s d\u00e9partementales implant\u00e9es au chef-lieu de leur d\u00e9partement respectif. Il existe ainsi une Unit\u00e9 D\u00e9partementale <a class=\"more-link\" href=\"https:\/\/maisondejusticetdudroit.fr\/index.php\/la-direccte\/\">Lire plus &#8230;<\/a><\/p>\n","protected":false},"author":1,"featured_media":0,"parent":0,"menu_order":0,"comment_status":"closed","ping_status":"closed","template":"","meta":{"footnotes":""},"yoast_head":"<!-- This site is optimized with the Yoast SEO plugin v19.7.2 - https:\/\/yoast.com\/wordpress\/plugins\/seo\/ -->\n<title>La Direccte - Maison De Justice et du Droit de La Rochelle<\/title>\n<meta name=\"robots\" content=\"index, follow, max-snippet:-1, max-image-preview:large, max-video-preview:-1\" \/>\n<link rel=\"canonical\" href=\"https:\/\/maisondejusticetdudroit.fr\/index.php\/la-direccte\/\" \/>\n<meta property=\"og:locale\" content=\"fr_FR\" \/>\n<meta property=\"og:type\" content=\"article\" \/>\n<meta property=\"og:title\" content=\"La Direccte - Maison De Justice et du Droit de La Rochelle\" \/>\n<meta property=\"og:description\" content=\"A compter du 1er janvier 2016, suite \u00e0 la fusion des r\u00e9gions Aquitaine, Limousin et Poitou-Charentes (ALPC), le si\u00e8ge principal de la Direccte Nouvelle-Aquitaine se situe \u00e0 Bordeaux, au si\u00e8ge de l\u2019ex-Direccte Aquitaine. La Direccte comprend le si\u00e8ge et 12 Unit\u00e9s d\u00e9partementales implant\u00e9es au chef-lieu de leur d\u00e9partement respectif. Il existe ainsi une Unit\u00e9 D\u00e9partementale Lire plus ...\" \/>\n<meta property=\"og:url\" content=\"https:\/\/maisondejusticetdudroit.fr\/index.php\/la-direccte\/\" \/>\n<meta property=\"og:site_name\" content=\"Maison De Justice et du Droit de La Rochelle\" \/>\n<meta property=\"article:modified_time\" content=\"2020-01-05T22:32:45+00:00\" \/>\n<meta property=\"og:image\" content=\"https:\/\/maisondejusticeetdudroit.fr\/wp-content\/uploads\/2019\/12\/La-Direccte-nouvelle-aquitaine.png\" \/>\n<meta name=\"twitter:card\" content=\"summary_large_image\" \/>\n<meta name=\"twitter:label1\" content=\"Dur\u00e9e de lecture estim\u00e9e\" \/>\n\t<meta name=\"twitter:data1\" content=\"2 minutes\" \/>\n<script type=\"application\/ld+json\" class=\"yoast-schema-graph\">{\"@context\":\"https:\/\/schema.org\",\"@graph\":[{\"@type\":\"WebPage\",\"@id\":\"https:\/\/maisondejusticetdudroit.fr\/index.php\/la-direccte\/\",\"url\":\"https:\/\/maisondejusticetdudroit.fr\/index.php\/la-direccte\/\",\"name\":\"La Direccte - Maison De Justice et du Droit de La Rochelle\",\"isPartOf\":{\"@id\":\"https:\/\/maisondejusticetdudroit.fr\/#website\"},\"datePublished\":\"2019-12-05T12:48:00+00:00\",\"dateModified\":\"2020-01-05T22:32:45+00:00\",\"breadcrumb\":{\"@id\":\"https:\/\/maisondejusticetdudroit.fr\/index.php\/la-direccte\/#breadcrumb\"},\"inLanguage\":\"fr-FR\",\"potentialAction\":[{\"@type\":\"ReadAction\",\"target\":[\"https:\/\/maisondejusticetdudroit.fr\/index.php\/la-direccte\/\"]}]},{\"@type\":\"BreadcrumbList\",\"@id\":\"https:\/\/maisondejusticetdudroit.fr\/index.php\/la-direccte\/#breadcrumb\",\"itemListElement\":[{\"@type\":\"ListItem\",\"position\":1,\"name\":\"Accueil\",\"item\":\"https:\/\/maisondejusticetdudroit.fr\/\"},{\"@type\":\"ListItem\",\"position\":2,\"name\":\"La Direccte\"}]},{\"@type\":\"WebSite\",\"@id\":\"https:\/\/maisondejusticetdudroit.fr\/#website\",\"url\":\"https:\/\/maisondejusticetdudroit.fr\/\",\"name\":\"Maison De Justice et du Droit de La Rochelle\",\"description\":\"Un service gratuit et confidentiel d&#039;information juridique\",\"publisher\":{\"@id\":\"https:\/\/maisondejusticetdudroit.fr\/#organization\"},\"potentialAction\":[{\"@type\":\"SearchAction\",\"target\":{\"@type\":\"EntryPoint\",\"urlTemplate\":\"https:\/\/maisondejusticetdudroit.fr\/?s={search_term_string}\"},\"query-input\":\"required name=search_term_string\"}],\"inLanguage\":\"fr-FR\"},{\"@type\":\"Organization\",\"@id\":\"https:\/\/maisondejusticetdudroit.fr\/#organization\",\"name\":\"Maison de justice et du droit de La Rochelle\",\"url\":\"https:\/\/maisondejusticetdudroit.fr\/\",\"sameAs\":[],\"logo\":{\"@type\":\"ImageObject\",\"inLanguage\":\"fr-FR\",\"@id\":\"https:\/\/maisondejusticetdudroit.fr\/#\/schema\/logo\/image\/\",\"url\":\"https:\/\/maisondejusticetdudroit.fr\/wp-content\/uploads\/2019\/12\/logo_MDJ.png\",\"contentUrl\":\"https:\/\/maisondejusticetdudroit.fr\/wp-content\/uploads\/2019\/12\/logo_MDJ.png\",\"width\":360,\"height\":270,\"caption\":\"Maison de justice et du droit de La Rochelle\"},\"image\":{\"@id\":\"https:\/\/maisondejusticetdudroit.fr\/#\/schema\/logo\/image\/\"}}]}<\/script>\n<!-- \/ Yoast SEO plugin. -->","yoast_head_json":{"title":"La Direccte - Maison De Justice et du Droit de La Rochelle","robots":{"index":"index","follow":"follow","max-snippet":"max-snippet:-1","max-image-preview":"max-image-preview:large","max-video-preview":"max-video-preview:-1"},"canonical":"https:\/\/maisondejusticetdudroit.fr\/index.php\/la-direccte\/","og_locale":"fr_FR","og_type":"article","og_title":"La Direccte - Maison De Justice et du Droit de La Rochelle","og_description":"A compter du 1er janvier 2016, suite \u00e0 la fusion des r\u00e9gions Aquitaine, Limousin et Poitou-Charentes (ALPC), le si\u00e8ge principal de la Direccte Nouvelle-Aquitaine se situe \u00e0 Bordeaux, au si\u00e8ge de l\u2019ex-Direccte Aquitaine. La Direccte comprend le si\u00e8ge et 12 Unit\u00e9s d\u00e9partementales implant\u00e9es au chef-lieu de leur d\u00e9partement respectif. Il existe ainsi une Unit\u00e9 D\u00e9partementale Lire plus ...","og_url":"https:\/\/maisondejusticetdudroit.fr\/index.php\/la-direccte\/","og_site_name":"Maison De Justice et du Droit de La Rochelle","article_modified_time":"2020-01-05T22:32:45+00:00","og_image":[{"url":"https:\/\/maisondejusticeetdudroit.fr\/wp-content\/uploads\/2019\/12\/La-Direccte-nouvelle-aquitaine.png"}],"twitter_card":"summary_large_image","twitter_misc":{"Dur\u00e9e de lecture estim\u00e9e":"2 minutes"},"schema":{"@context":"https:\/\/schema.org","@graph":[{"@type":"WebPage","@id":"https:\/\/maisondejusticetdudroit.fr\/index.php\/la-direccte\/","url":"https:\/\/maisondejusticetdudroit.fr\/index.php\/la-direccte\/","name":"La Direccte - Maison De Justice et du Droit de La Rochelle","isPartOf":{"@id":"https:\/\/maisondejusticetdudroit.fr\/#website"},"datePublished":"2019-12-05T12:48:00+00:00","dateModified":"2020-01-05T22:32:45+00:00","breadcrumb":{"@id":"https:\/\/maisondejusticetdudroit.fr\/index.php\/la-direccte\/#breadcrumb"},"inLanguage":"fr-FR","potentialAction":[{"@type":"ReadAction","target":["https:\/\/maisondejusticetdudroit.fr\/index.php\/la-direccte\/"]}]},{"@type":"BreadcrumbList","@id":"https:\/\/maisondejusticetdudroit.fr\/index.php\/la-direccte\/#breadcrumb","itemListElement":[{"@type":"ListItem","position":1,"name":"Accueil","item":"https:\/\/maisondejusticetdudroit.fr\/"},{"@type":"ListItem","position":2,"name":"La Direccte"}]},{"@type":"WebSite","@id":"https:\/\/maisondejusticetdudroit.fr\/#website","url":"https:\/\/maisondejusticetdudroit.fr\/","name":"Maison De Justice et du Droit de La Rochelle","description":"Un service gratuit et confidentiel d&#039;information juridique","publisher":{"@id":"https:\/\/maisondejusticetdudroit.fr\/#organization"},"potentialAction":[{"@type":"SearchAction","target":{"@type":"EntryPoint","urlTemplate":"https:\/\/maisondejusticetdudroit.fr\/?s={search_term_string}"},"query-input":"required name=search_term_string"}],"inLanguage":"fr-FR"},{"@type":"Organization","@id":"https:\/\/maisondejusticetdudroit.fr\/#organization","name":"Maison de justice et du droit de La Rochelle","url":"https:\/\/maisondejusticetdudroit.fr\/","sameAs":[],"logo":{"@type":"ImageObject","inLanguage":"fr-FR","@id":"https:\/\/maisondejusticetdudroit.fr\/#\/schema\/logo\/image\/","url":"https:\/\/maisondejusticetdudroit.fr\/wp-content\/uploads\/2019\/12\/logo_MDJ.png","contentUrl":"https:\/\/maisondejusticetdudroit.fr\/wp-content\/uploads\/2019\/12\/logo_MDJ.png","width":360,"height":270,"caption":"Maison de justice et du droit de La Rochelle"},"image":{"@id":"https:\/\/maisondejusticetdudroit.fr\/#\/schema\/logo\/image\/"}}]}},"_links":{"self":[{"href":"https:\/\/maisondejusticetdudroit.fr\/index.php\/wp-json\/wp\/v2\/pages\/1166"}],"collection":[{"href":"https:\/\/maisondejusticetdudroit.fr\/index.php\/wp-json\/wp\/v2\/pages"}],"about":[{"href":"https:\/\/maisondejusticetdudroit.fr\/index.php\/wp-json\/wp\/v2\/types\/page"}],"author":[{"embeddable":true,"href":"https:\/\/maisondejusticetdudroit.fr\/index.php\/wp-json\/wp\/v2\/users\/1"}],"replies":[{"embeddable":true,"href":"https:\/\/maisondejusticetdudroit.fr\/index.php\/wp-json\/wp\/v2\/comments?post=1166"}],"version-history":[{"count":17,"href":"https:\/\/maisondejusticetdudroit.fr\/index.php\/wp-json\/wp\/v2\/pages\/1166\/revisions"}],"predecessor-version":[{"id":2484,"href":"https:\/\/maisondejusticetdudroit.fr\/index.php\/wp-json\/wp\/v2\/pages\/1166\/revisions\/2484"}],"wp:attachment":[{"href":"https:\/\/maisondejusticetdudroit.fr\/index.php\/wp-json\/wp\/v2\/media?parent=1166"}],"curies":[{"name":"wp","href":"https:\/\/api.w.org\/{rel}","templated":true}]}}