{"id":1495,"date":"2019-12-18T15:59:54","date_gmt":"2019-12-18T14:59:54","guid":{"rendered":"https:\/\/maisondejusticeetdudroit.fr\/?page_id=1495"},"modified":"2021-03-21T20:05:35","modified_gmt":"2021-03-21T19:05:35","slug":"les-associations","status":"publish","type":"page","link":"https:\/\/maisondejusticetdudroit.fr\/index.php\/les-associations\/","title":{"rendered":"Les Associations"},"content":{"rendered":"\t\t<div data-elementor-type=\"wp-page\" data-elementor-id=\"1495\" class=\"elementor elementor-1495\">\n\t\t\t\t\t\t<div class=\"elementor-inner\">\n\t\t\t\t<div class=\"elementor-section-wrap\">\n\t\t\t\t\t\t\t\t\t<section class=\"elementor-section elementor-top-section elementor-element elementor-element-383f762 elementor-section-full_width elementor-section-height-default elementor-section-height-default\" data-id=\"383f762\" data-element_type=\"section\">\n\t\t\t\t\t\t<div class=\"elementor-container elementor-column-gap-default\">\n\t\t\t\t\t\t\t<div class=\"elementor-row\">\n\t\t\t\t\t<div class=\"elementor-column elementor-col-100 elementor-top-column elementor-element elementor-element-8636431\" data-id=\"8636431\" data-element_type=\"column\">\n\t\t\t<div class=\"elementor-column-wrap elementor-element-populated\">\n\t\t\t\t\t\t\t<div class=\"elementor-widget-wrap\">\n\t\t\t\t\t\t<div class=\"elementor-element elementor-element-b2ce88e elementor-widget elementor-widget-text-editor\" data-id=\"b2ce88e\" data-element_type=\"widget\" data-widget_type=\"text-editor.default\">\n\t\t\t\t<div class=\"elementor-widget-container\">\n\t\t\t\t\t\t\t\t<div class=\"elementor-text-editor elementor-clearfix\">\n\t\t\t\t<p><b>Le CIDFF (Centre d&rsquo;Information sur les droits des femmes et des familles) <\/b>intervient au sein de la MJD dans le cadre de deux permanences hebdomadaires, tenues par des juristes :<\/p><p align=\"JUSTIFY\">&#8211; l&rsquo;une consacr\u00e9e \u00e0 l&rsquo;aide aux victimes le mercredi matin (dispositif de soutien et d&rsquo;assistance aux victimes)<\/p><p align=\"JUSTIFY\">&#8211; l&rsquo;autre, le jeudi matin, destin\u00e9e \u00e0 dispenser des informations juridiques, principalement au niveau du droit de la famille, et accessoirement en mati\u00e8re civile, de droit des \u00e9trangers et de droit du travail<\/p><p align=\"JUSTIFY\"><i>\u00a0\u00a0 A noter : <\/i><\/p><p align=\"JUSTIFY\"><i>\u00a0\u00a0 . la dur\u00e9e de ces rendez-vous est d&rsquo;une demi-heure et peut varier, notamment au niveau de l&rsquo;aide aux victimes, en fonction de la nature de la situation pos\u00e9e<\/i><\/p>\t\t\t\t\t<\/div>\n\t\t\t\t\t\t<\/div>\n\t\t\t\t<\/div>\n\t\t\t\t\t\t<\/div>\n\t\t\t\t\t<\/div>\n\t\t<\/div>\n\t\t\t\t\t\t\t\t<\/div>\n\t\t\t\t\t<\/div>\n\t\t<\/section>\n\t\t\t\t<section class=\"elementor-section elementor-top-section elementor-element elementor-element-108b6e3 elementor-section-full_width elementor-section-height-default elementor-section-height-default\" data-id=\"108b6e3\" data-element_type=\"section\">\n\t\t\t\t\t\t<div class=\"elementor-container elementor-column-gap-default\">\n\t\t\t\t\t\t\t<div class=\"elementor-row\">\n\t\t\t\t\t<div class=\"elementor-column elementor-col-100 elementor-top-column elementor-element elementor-element-a2a2ff6\" data-id=\"a2a2ff6\" data-element_type=\"column\">\n\t\t\t<div class=\"elementor-column-wrap elementor-element-populated\">\n\t\t\t\t\t\t\t<div class=\"elementor-widget-wrap\">\n\t\t\t\t\t\t<div class=\"elementor-element elementor-element-2c1d9bd elementor-widget elementor-widget-text-editor\" data-id=\"2c1d9bd\" data-element_type=\"widget\" data-widget_type=\"text-editor.default\">\n\t\t\t\t<div class=\"elementor-widget-container\">\n\t\t\t\t\t\t\t\t<div class=\"elementor-text-editor elementor-clearfix\">\n\t\t\t\t<p align=\"JUSTIFY\"><b>l&rsquo;ADIL 17 (Agence D\u00e9partementale d&rsquo;Information sur le Logement de la Charente-Maritime)<\/b> intervient au sein de la MJD dans le cadre de deux permanences mensuelles, les 2<sup>\u00e8me<\/sup> et dernier vendredis du mois le matin, en mati\u00e8re de logement (ex. litiges locataires-bailleurs, copropri\u00e9t\u00e9, accession \u00e0 la propri\u00e9t\u00e9, etc.).<\/p>\n<p align=\"JUSTIFY\"><i>&nbsp;&nbsp; A noter : <\/i><\/p>\n<p align=\"JUSTIFY\"><i>&nbsp;&nbsp; . la dur\u00e9e de ces rendez-vous est d&rsquo;une demi-heure, sauf variation en fonction du cas soumis au juriste<\/i><\/p>\t\t\t\t\t<\/div>\n\t\t\t\t\t\t<\/div>\n\t\t\t\t<\/div>\n\t\t\t\t\t\t<\/div>\n\t\t\t\t\t<\/div>\n\t\t<\/div>\n\t\t\t\t\t\t\t\t<\/div>\n\t\t\t\t\t<\/div>\n\t\t<\/section>\n\t\t\t\t<section class=\"elementor-section elementor-top-section elementor-element elementor-element-62cb11a elementor-section-full_width elementor-section-height-default elementor-section-height-default\" data-id=\"62cb11a\" data-element_type=\"section\">\n\t\t\t\t\t\t<div class=\"elementor-container elementor-column-gap-default\">\n\t\t\t\t\t\t\t<div class=\"elementor-row\">\n\t\t\t\t\t<div class=\"elementor-column elementor-col-100 elementor-top-column elementor-element elementor-element-fe7d658\" data-id=\"fe7d658\" data-element_type=\"column\">\n\t\t\t<div class=\"elementor-column-wrap elementor-element-populated\">\n\t\t\t\t\t\t\t<div class=\"elementor-widget-wrap\">\n\t\t\t\t\t\t<div class=\"elementor-element elementor-element-d203ed9 elementor-widget elementor-widget-text-editor\" data-id=\"d203ed9\" data-element_type=\"widget\" data-widget_type=\"text-editor.default\">\n\t\t\t\t<div class=\"elementor-widget-container\">\n\t\t\t\t\t\t\t\t<div class=\"elementor-text-editor elementor-clearfix\">\n\t\t\t\t<p align=\"JUSTIFY\"><span style=\"font-size: large;\"><i><b>.<\/b><\/i><\/span><i> <\/i><b>l&rsquo;UDAF (Union D\u00e9partementale des Associations Familiales) <\/b>intervient au sein de la MJD dans le cadre de deux permanences mensuelles :<\/p><p align=\"JUSTIFY\">&#8211; l&rsquo;une, le 3<sup>\u00e8me<\/sup> jeudi du mois le matin, destin\u00e9e \u00e0 recevoir des personnes en conflit familial, ensemble ou s\u00e9par\u00e9ment, dans le cadre d&rsquo;un premier rendez-vous d&rsquo;information en vue d&rsquo;une \u00e9ventuelle m\u00e9diation familiale, laquelle se tient ensuite au si\u00e8ge de l&rsquo;UDAF<\/p><p align=\"JUSTIFY\">&#8211; l&rsquo;autre, le 3<sup>\u00e8me<\/sup> vendredi du mois le matin, destin\u00e9e \u00e0 dispenser de l&rsquo;information en mati\u00e8re de mesures de protection et de droits de visite et d&rsquo;h\u00e9bergement des grands-parents<\/p><p align=\"JUSTIFY\"><i>\u00a0\u00a0 A noter : <\/i><\/p><p align=\"JUSTIFY\"><i>\u00a0\u00a0 . la dur\u00e9e de ces rendez-vous est d&rsquo;une demi-heure <\/i><\/p>\t\t\t\t\t<\/div>\n\t\t\t\t\t\t<\/div>\n\t\t\t\t<\/div>\n\t\t\t\t\t\t<\/div>\n\t\t\t\t\t<\/div>\n\t\t<\/div>\n\t\t\t\t\t\t\t\t<\/div>\n\t\t\t\t\t<\/div>\n\t\t<\/section>\n\t\t\t\t<section class=\"elementor-section elementor-top-section elementor-element elementor-element-95139ba elementor-section-full_width elementor-section-height-default elementor-section-height-default\" data-id=\"95139ba\" data-element_type=\"section\">\n\t\t\t\t\t\t<div class=\"elementor-container elementor-column-gap-default\">\n\t\t\t\t\t\t\t<div class=\"elementor-row\">\n\t\t\t\t\t<div class=\"elementor-column elementor-col-100 elementor-top-column elementor-element elementor-element-9762fa4\" data-id=\"9762fa4\" data-element_type=\"column\">\n\t\t\t<div class=\"elementor-column-wrap elementor-element-populated\">\n\t\t\t\t\t\t\t<div class=\"elementor-widget-wrap\">\n\t\t\t\t\t\t<div class=\"elementor-element elementor-element-3fda03f elementor-widget elementor-widget-text-editor\" data-id=\"3fda03f\" data-element_type=\"widget\" data-widget_type=\"text-editor.default\">\n\t\t\t\t<div class=\"elementor-widget-container\">\n\t\t\t\t\t\t\t\t<div class=\"elementor-text-editor elementor-clearfix\">\n\t\t\t\t<p align=\"JUSTIFY\"><b>La LDH (Ligue des Droits de l&rsquo;Homme) <\/b>intervient au sein de la MJD dans le cadre d&rsquo;une permanence mensuelle, le 3<sup>\u00e8me<\/sup> lundi du mois l&rsquo;apr\u00e8s-midi, en mati\u00e8re de droits des \u00e9trangers. Les probl\u00e9matiques r\u00e9guli\u00e8rement pos\u00e9es ont trait \u00e0 des personnes en situation irr\u00e9guli\u00e8re, aux modalit\u00e9s de recours suite \u00e0 des demandes de droit d&rsquo;asile rejet\u00e9es ou \u00e0 la formalisation d&rsquo;une telle demande, aux d\u00e9marches \u00e0 accomplir en vue d&rsquo;un regroupement familial, etc.).<\/p>\n<p align=\"JUSTIFY\"><i>&nbsp;&nbsp; A noter : <\/i><\/p>\n<p align=\"JUSTIFY\"><i>&nbsp;&nbsp; . la dur\u00e9e de ces rendez-vous est d&rsquo;une demi-heure <\/i><\/p>\t\t\t\t\t<\/div>\n\t\t\t\t\t\t<\/div>\n\t\t\t\t<\/div>\n\t\t\t\t\t\t<\/div>\n\t\t\t\t\t<\/div>\n\t\t<\/div>\n\t\t\t\t\t\t\t\t<\/div>\n\t\t\t\t\t<\/div>\n\t\t<\/section>\n\t\t\t\t<section class=\"elementor-section elementor-top-section elementor-element elementor-element-6eec93f elementor-section-full_width elementor-section-height-default elementor-section-height-default\" data-id=\"6eec93f\" data-element_type=\"section\">\n\t\t\t\t\t\t<div class=\"elementor-container elementor-column-gap-default\">\n\t\t\t\t\t\t\t<div class=\"elementor-row\">\n\t\t\t\t\t<div class=\"elementor-column elementor-col-100 elementor-top-column elementor-element elementor-element-4899f66\" data-id=\"4899f66\" data-element_type=\"column\">\n\t\t\t<div class=\"elementor-column-wrap elementor-element-populated\">\n\t\t\t\t\t\t\t<div class=\"elementor-widget-wrap\">\n\t\t\t\t\t\t<div class=\"elementor-element elementor-element-0c1e392 elementor-widget elementor-widget-text-editor\" data-id=\"0c1e392\" data-element_type=\"widget\" data-widget_type=\"text-editor.default\">\n\t\t\t\t<div class=\"elementor-widget-container\">\n\t\t\t\t\t\t\t\t<div class=\"elementor-text-editor elementor-clearfix\">\n\t\t\t\t<p align=\"JUSTIFY\">l&rsquo;Association <b>CRESUS <\/b>intervient au sein de la MJD dans le cadre d&rsquo;une permanence mensuelle, le 2<sup>\u00e8me<\/sup> mardi du mois le matin, en mati\u00e8re d&rsquo;endettement et conseils budg\u00e9taires, l&rsquo;accompagnement \u00e9ventuel de l&rsquo;usager re\u00e7u dans l&rsquo;accomplissement de d\u00e9marches li\u00e9es \u00e0 sa situation \u00e9tant assur\u00e9 alors au si\u00e8ge de l&rsquo;association.<\/p>\n<p align=\"JUSTIFY\"><em>&nbsp;&nbsp; A noter :<\/em><\/p><div><i>&nbsp;&nbsp; . la dur\u00e9e de ces rendez-vous est d&rsquo;une heure<\/i><\/div><div><i><br><\/i><\/div>\t\t\t\t\t<\/div>\n\t\t\t\t\t\t<\/div>\n\t\t\t\t<\/div>\n\t\t\t\t\t\t<\/div>\n\t\t\t\t\t<\/div>\n\t\t<\/div>\n\t\t\t\t\t\t\t\t<\/div>\n\t\t\t\t\t<\/div>\n\t\t<\/section>\n\t\t\t\t<section class=\"elementor-section elementor-top-section elementor-element elementor-element-70c4751 elementor-section-full_width elementor-section-height-default elementor-section-height-default\" data-id=\"70c4751\" data-element_type=\"section\">\n\t\t\t\t\t\t<div class=\"elementor-container elementor-column-gap-default\">\n\t\t\t\t\t\t\t<div class=\"elementor-row\">\n\t\t\t\t\t<div class=\"elementor-column elementor-col-100 elementor-top-column elementor-element elementor-element-4a6135a\" data-id=\"4a6135a\" data-element_type=\"column\">\n\t\t\t<div class=\"elementor-column-wrap elementor-element-populated\">\n\t\t\t\t\t\t\t<div class=\"elementor-widget-wrap\">\n\t\t\t\t\t\t<div class=\"elementor-element elementor-element-6a3838e elementor-widget elementor-widget-text-editor\" data-id=\"6a3838e\" data-element_type=\"widget\" data-widget_type=\"text-editor.default\">\n\t\t\t\t<div class=\"elementor-widget-container\">\n\t\t\t\t\t\t\t\t<div class=\"elementor-text-editor elementor-clearfix\">\n\t\t\t\t\t\t\t\t\t<\/div>\n\t\t\t\t\t\t<\/div>\n\t\t\t\t<\/div>\n\t\t\t\t\t\t<\/div>\n\t\t\t\t\t<\/div>\n\t\t<\/div>\n\t\t\t\t\t\t\t\t<\/div>\n\t\t\t\t\t<\/div>\n\t\t<\/section>\n\t\t\t\t<section class=\"elementor-section elementor-top-section elementor-element elementor-element-716992a elementor-section-boxed elementor-section-height-default elementor-section-height-default\" data-id=\"716992a\" data-element_type=\"section\">\n\t\t\t\t\t\t<div class=\"elementor-container elementor-column-gap-default\">\n\t\t\t\t\t\t\t<div class=\"elementor-row\">\n\t\t\t\t\t<div class=\"elementor-column elementor-col-50 elementor-top-column elementor-element elementor-element-4ad4158\" data-id=\"4ad4158\" data-element_type=\"column\">\n\t\t\t<div class=\"elementor-column-wrap elementor-element-populated\">\n\t\t\t\t\t\t\t<div class=\"elementor-widget-wrap\">\n\t\t\t\t\t\t<div class=\"elementor-element elementor-element-85a8ab0 elementor-widget elementor-widget-text-editor\" data-id=\"85a8ab0\" data-element_type=\"widget\" data-widget_type=\"text-editor.default\">\n\t\t\t\t<div class=\"elementor-widget-container\">\n\t\t\t\t\t\t\t\t<div class=\"elementor-text-editor elementor-clearfix\">\n\t\t\t\t<p style=\"text-align: center;\">Cliquer sur \u00ab\u00a0planning\u00a0\u00bb<\/p><p style=\"text-align: center;\"><em>(R\u00e9capitulatif des interventions des Associations)<\/em><\/p>\t\t\t\t\t<\/div>\n\t\t\t\t\t\t<\/div>\n\t\t\t\t<\/div>\n\t\t\t\t\t\t<\/div>\n\t\t\t\t\t<\/div>\n\t\t<\/div>\n\t\t\t\t<div class=\"elementor-column elementor-col-50 elementor-top-column elementor-element elementor-element-73064fa\" data-id=\"73064fa\" data-element_type=\"column\">\n\t\t\t<div class=\"elementor-column-wrap elementor-element-populated\">\n\t\t\t\t\t\t\t<div class=\"elementor-widget-wrap\">\n\t\t\t\t\t\t<div class=\"elementor-element elementor-element-3e1b473 elementor-widget elementor-widget-image\" data-id=\"3e1b473\" data-element_type=\"widget\" data-widget_type=\"image.default\">\n\t\t\t\t<div class=\"elementor-widget-container\">\n\t\t\t\t\t\t\t\t<div class=\"elementor-image\">\n\t\t\t\t\t\t\t\t\t\t\t\t\t<a href=\"https:\/\/maisondejusticetdudroit.fr\/wp-content\/uploads\/2021\/03\/Detail-des-differentes-Interventions-au-sein-de-la-MJD-Associations.pdf\" target=\"_blank\">\n\t\t\t\t\t\t\t<img decoding=\"async\" src=\"https:\/\/maisondejusticetdudroit.fr\/wp-content\/uploads\/elementor\/thumbs\/planning-associations-\u00e0-prendre-oiz25l7b59hy9a0sttdm4iqbbo6rjoqtk012m7sybw.png\" title=\"planning associations \u00e0 prendre\" alt=\"planning associations \u00e0 prendre\" \/>\t\t\t\t\t\t\t\t<\/a>\n\t\t\t\t\t\t\t\t\t\t\t\t\t\t<\/div>\n\t\t\t\t\t\t<\/div>\n\t\t\t\t<\/div>\n\t\t\t\t\t\t<\/div>\n\t\t\t\t\t<\/div>\n\t\t<\/div>\n\t\t\t\t\t\t\t\t<\/div>\n\t\t\t\t\t<\/div>\n\t\t<\/section>\n\t\t\t\t\t\t\t\t\t<\/div>\n\t\t\t<\/div>\n\t\t\t\t\t<\/div>\n\t\t","protected":false},"excerpt":{"rendered":"<p>Le CIDFF (Centre d&rsquo;Information sur les droits des femmes et des familles) intervient au sein de la MJD dans le cadre de deux permanences hebdomadaires, tenues par des juristes : &#8211; l&rsquo;une consacr\u00e9e \u00e0 l&rsquo;aide aux victimes le mercredi matin (dispositif de soutien et d&rsquo;assistance aux victimes) &#8211; l&rsquo;autre, le jeudi matin, destin\u00e9e \u00e0 dispenser <a class=\"more-link\" href=\"https:\/\/maisondejusticetdudroit.fr\/index.php\/les-associations\/\">Lire plus &#8230;<\/a><\/p>\n","protected":false},"author":1,"featured_media":0,"parent":0,"menu_order":0,"comment_status":"closed","ping_status":"closed","template":"","meta":{"footnotes":""},"yoast_head":"<!-- This site is optimized with the Yoast SEO plugin v19.7.2 - https:\/\/yoast.com\/wordpress\/plugins\/seo\/ -->\n<title>Les Associations - Maison De Justice et du Droit de La Rochelle<\/title>\n<meta name=\"robots\" content=\"index, follow, max-snippet:-1, max-image-preview:large, max-video-preview:-1\" \/>\n<link rel=\"canonical\" href=\"https:\/\/maisondejusticetdudroit.fr\/index.php\/les-associations\/\" \/>\n<meta property=\"og:locale\" content=\"fr_FR\" \/>\n<meta property=\"og:type\" content=\"article\" \/>\n<meta property=\"og:title\" content=\"Les Associations - Maison De Justice et du Droit de La Rochelle\" \/>\n<meta property=\"og:description\" content=\"Le CIDFF (Centre d&rsquo;Information sur les droits des femmes et des familles) intervient au sein de la MJD dans le cadre de deux permanences hebdomadaires, tenues par des juristes : &#8211; l&rsquo;une consacr\u00e9e \u00e0 l&rsquo;aide aux victimes le mercredi matin (dispositif de soutien et d&rsquo;assistance aux victimes) &#8211; l&rsquo;autre, le jeudi matin, destin\u00e9e \u00e0 dispenser Lire plus ...\" \/>\n<meta property=\"og:url\" content=\"https:\/\/maisondejusticetdudroit.fr\/index.php\/les-associations\/\" \/>\n<meta property=\"og:site_name\" content=\"Maison De Justice et du Droit de La Rochelle\" \/>\n<meta property=\"article:modified_time\" content=\"2021-03-21T19:05:35+00:00\" \/>\n<meta name=\"twitter:card\" content=\"summary_large_image\" \/>\n<meta name=\"twitter:label1\" content=\"Dur\u00e9e de lecture estim\u00e9e\" \/>\n\t<meta name=\"twitter:data1\" content=\"3 minutes\" \/>\n<script type=\"application\/ld+json\" class=\"yoast-schema-graph\">{\"@context\":\"https:\/\/schema.org\",\"@graph\":[{\"@type\":\"WebPage\",\"@id\":\"https:\/\/maisondejusticetdudroit.fr\/index.php\/les-associations\/\",\"url\":\"https:\/\/maisondejusticetdudroit.fr\/index.php\/les-associations\/\",\"name\":\"Les Associations - Maison De Justice et du Droit de La Rochelle\",\"isPartOf\":{\"@id\":\"https:\/\/maisondejusticetdudroit.fr\/#website\"},\"datePublished\":\"2019-12-18T14:59:54+00:00\",\"dateModified\":\"2021-03-21T19:05:35+00:00\",\"breadcrumb\":{\"@id\":\"https:\/\/maisondejusticetdudroit.fr\/index.php\/les-associations\/#breadcrumb\"},\"inLanguage\":\"fr-FR\",\"potentialAction\":[{\"@type\":\"ReadAction\",\"target\":[\"https:\/\/maisondejusticetdudroit.fr\/index.php\/les-associations\/\"]}]},{\"@type\":\"BreadcrumbList\",\"@id\":\"https:\/\/maisondejusticetdudroit.fr\/index.php\/les-associations\/#breadcrumb\",\"itemListElement\":[{\"@type\":\"ListItem\",\"position\":1,\"name\":\"Accueil\",\"item\":\"https:\/\/maisondejusticetdudroit.fr\/\"},{\"@type\":\"ListItem\",\"position\":2,\"name\":\"Les Associations\"}]},{\"@type\":\"WebSite\",\"@id\":\"https:\/\/maisondejusticetdudroit.fr\/#website\",\"url\":\"https:\/\/maisondejusticetdudroit.fr\/\",\"name\":\"Maison De Justice et du Droit de La Rochelle\",\"description\":\"Un service gratuit et confidentiel d&#039;information juridique\",\"publisher\":{\"@id\":\"https:\/\/maisondejusticetdudroit.fr\/#organization\"},\"potentialAction\":[{\"@type\":\"SearchAction\",\"target\":{\"@type\":\"EntryPoint\",\"urlTemplate\":\"https:\/\/maisondejusticetdudroit.fr\/?s={search_term_string}\"},\"query-input\":\"required name=search_term_string\"}],\"inLanguage\":\"fr-FR\"},{\"@type\":\"Organization\",\"@id\":\"https:\/\/maisondejusticetdudroit.fr\/#organization\",\"name\":\"Maison de justice et du droit de La Rochelle\",\"url\":\"https:\/\/maisondejusticetdudroit.fr\/\",\"sameAs\":[],\"logo\":{\"@type\":\"ImageObject\",\"inLanguage\":\"fr-FR\",\"@id\":\"https:\/\/maisondejusticetdudroit.fr\/#\/schema\/logo\/image\/\",\"url\":\"https:\/\/maisondejusticetdudroit.fr\/wp-content\/uploads\/2019\/12\/logo_MDJ.png\",\"contentUrl\":\"https:\/\/maisondejusticetdudroit.fr\/wp-content\/uploads\/2019\/12\/logo_MDJ.png\",\"width\":360,\"height\":270,\"caption\":\"Maison de justice et du droit de La Rochelle\"},\"image\":{\"@id\":\"https:\/\/maisondejusticetdudroit.fr\/#\/schema\/logo\/image\/\"}}]}<\/script>\n<!-- \/ Yoast SEO plugin. -->","yoast_head_json":{"title":"Les Associations - Maison De Justice et du Droit de La Rochelle","robots":{"index":"index","follow":"follow","max-snippet":"max-snippet:-1","max-image-preview":"max-image-preview:large","max-video-preview":"max-video-preview:-1"},"canonical":"https:\/\/maisondejusticetdudroit.fr\/index.php\/les-associations\/","og_locale":"fr_FR","og_type":"article","og_title":"Les Associations - Maison De Justice et du Droit de La Rochelle","og_description":"Le CIDFF (Centre d&rsquo;Information sur les droits des femmes et des familles) intervient au sein de la MJD dans le cadre de deux permanences hebdomadaires, tenues par des juristes : &#8211; l&rsquo;une consacr\u00e9e \u00e0 l&rsquo;aide aux victimes le mercredi matin (dispositif de soutien et d&rsquo;assistance aux victimes) &#8211; l&rsquo;autre, le jeudi matin, destin\u00e9e \u00e0 dispenser Lire plus ...","og_url":"https:\/\/maisondejusticetdudroit.fr\/index.php\/les-associations\/","og_site_name":"Maison De Justice et du Droit de La Rochelle","article_modified_time":"2021-03-21T19:05:35+00:00","twitter_card":"summary_large_image","twitter_misc":{"Dur\u00e9e de lecture estim\u00e9e":"3 minutes"},"schema":{"@context":"https:\/\/schema.org","@graph":[{"@type":"WebPage","@id":"https:\/\/maisondejusticetdudroit.fr\/index.php\/les-associations\/","url":"https:\/\/maisondejusticetdudroit.fr\/index.php\/les-associations\/","name":"Les Associations - Maison De Justice et du Droit de La Rochelle","isPartOf":{"@id":"https:\/\/maisondejusticetdudroit.fr\/#website"},"datePublished":"2019-12-18T14:59:54+00:00","dateModified":"2021-03-21T19:05:35+00:00","breadcrumb":{"@id":"https:\/\/maisondejusticetdudroit.fr\/index.php\/les-associations\/#breadcrumb"},"inLanguage":"fr-FR","potentialAction":[{"@type":"ReadAction","target":["https:\/\/maisondejusticetdudroit.fr\/index.php\/les-associations\/"]}]},{"@type":"BreadcrumbList","@id":"https:\/\/maisondejusticetdudroit.fr\/index.php\/les-associations\/#breadcrumb","itemListElement":[{"@type":"ListItem","position":1,"name":"Accueil","item":"https:\/\/maisondejusticetdudroit.fr\/"},{"@type":"ListItem","position":2,"name":"Les Associations"}]},{"@type":"WebSite","@id":"https:\/\/maisondejusticetdudroit.fr\/#website","url":"https:\/\/maisondejusticetdudroit.fr\/","name":"Maison De Justice et du Droit de La Rochelle","description":"Un service gratuit et confidentiel d&#039;information juridique","publisher":{"@id":"https:\/\/maisondejusticetdudroit.fr\/#organization"},"potentialAction":[{"@type":"SearchAction","target":{"@type":"EntryPoint","urlTemplate":"https:\/\/maisondejusticetdudroit.fr\/?s={search_term_string}"},"query-input":"required name=search_term_string"}],"inLanguage":"fr-FR"},{"@type":"Organization","@id":"https:\/\/maisondejusticetdudroit.fr\/#organization","name":"Maison de justice et du droit de La Rochelle","url":"https:\/\/maisondejusticetdudroit.fr\/","sameAs":[],"logo":{"@type":"ImageObject","inLanguage":"fr-FR","@id":"https:\/\/maisondejusticetdudroit.fr\/#\/schema\/logo\/image\/","url":"https:\/\/maisondejusticetdudroit.fr\/wp-content\/uploads\/2019\/12\/logo_MDJ.png","contentUrl":"https:\/\/maisondejusticetdudroit.fr\/wp-content\/uploads\/2019\/12\/logo_MDJ.png","width":360,"height":270,"caption":"Maison de justice et du droit de La Rochelle"},"image":{"@id":"https:\/\/maisondejusticetdudroit.fr\/#\/schema\/logo\/image\/"}}]}},"_links":{"self":[{"href":"https:\/\/maisondejusticetdudroit.fr\/index.php\/wp-json\/wp\/v2\/pages\/1495"}],"collection":[{"href":"https:\/\/maisondejusticetdudroit.fr\/index.php\/wp-json\/wp\/v2\/pages"}],"about":[{"href":"https:\/\/maisondejusticetdudroit.fr\/index.php\/wp-json\/wp\/v2\/types\/page"}],"author":[{"embeddable":true,"href":"https:\/\/maisondejusticetdudroit.fr\/index.php\/wp-json\/wp\/v2\/users\/1"}],"replies":[{"embeddable":true,"href":"https:\/\/maisondejusticetdudroit.fr\/index.php\/wp-json\/wp\/v2\/comments?post=1495"}],"version-history":[{"count":103,"href":"https:\/\/maisondejusticetdudroit.fr\/index.php\/wp-json\/wp\/v2\/pages\/1495\/revisions"}],"predecessor-version":[{"id":4565,"href":"https:\/\/maisondejusticetdudroit.fr\/index.php\/wp-json\/wp\/v2\/pages\/1495\/revisions\/4565"}],"wp:attachment":[{"href":"https:\/\/maisondejusticetdudroit.fr\/index.php\/wp-json\/wp\/v2\/media?parent=1495"}],"curies":[{"name":"wp","href":"https:\/\/api.w.org\/{rel}","templated":true}]}}