{"id":954,"date":"2019-12-04T14:15:22","date_gmt":"2019-12-04T13:15:22","guid":{"rendered":"http:\/\/maisondejusticeetdudroit.fr\/?page_id=954"},"modified":"2021-03-21T18:49:54","modified_gmt":"2021-03-21T17:49:54","slug":"activite-judiciaire","status":"publish","type":"page","link":"https:\/\/maisondejusticetdudroit.fr\/index.php\/activite-judiciaire\/","title":{"rendered":"Vous \u00eates convoqu\u00e9(e) dans le cadre d&rsquo;un rendez-vous de m\u00e9diation p\u00e9nale"},"content":{"rendered":"\t\t<div data-elementor-type=\"wp-page\" data-elementor-id=\"954\" class=\"elementor elementor-954\">\n\t\t\t\t\t\t<div class=\"elementor-inner\">\n\t\t\t\t<div class=\"elementor-section-wrap\">\n\t\t\t\t\t\t\t\t\t<section class=\"elementor-section elementor-top-section elementor-element elementor-element-a994527 elementor-section-full_width elementor-section-height-default elementor-section-height-default\" data-id=\"a994527\" data-element_type=\"section\">\n\t\t\t\t\t\t<div class=\"elementor-container elementor-column-gap-default\">\n\t\t\t\t\t\t\t<div class=\"elementor-row\">\n\t\t\t\t\t<div class=\"elementor-column elementor-col-100 elementor-top-column elementor-element elementor-element-7db3a65\" data-id=\"7db3a65\" data-element_type=\"column\">\n\t\t\t<div class=\"elementor-column-wrap elementor-element-populated\">\n\t\t\t\t\t\t\t<div class=\"elementor-widget-wrap\">\n\t\t\t\t\t\t<div class=\"elementor-element elementor-element-90bc6e1 elementor-widget elementor-widget-text-editor\" data-id=\"90bc6e1\" data-element_type=\"widget\" data-widget_type=\"text-editor.default\">\n\t\t\t\t<div class=\"elementor-widget-container\">\n\t\t\t\t\t\t\t\t<div class=\"elementor-text-editor elementor-clearfix\">\n\t\t\t\t<p align=\"JUSTIFY\">Le procureur de la r\u00e9publique saisi d&rsquo;une plainte peut faire proc\u00e9der \u00e0 une mission de m\u00e9diation p\u00e9nale s&rsquo;il lui appara\u00eet que cette mesure peut permettre d&rsquo;assurer la r\u00e9paration du dommage subi par la victime, ou de mettre fin au trouble r\u00e9sultant de l&rsquo;infraction, ou de contribuer au reclassement de l&rsquo;auteur des faits.<\/p><p align=\"JUSTIFY\">Les auteurs et victimes sont convoqu\u00e9s simultan\u00e9ment et comparaissent dans le cadre d&rsquo;un rendez-vous de m\u00e9diation p\u00e9nale.<\/p>\t\t\t\t\t<\/div>\n\t\t\t\t\t\t<\/div>\n\t\t\t\t<\/div>\n\t\t\t\t\t\t<\/div>\n\t\t\t\t\t<\/div>\n\t\t<\/div>\n\t\t\t\t\t\t\t\t<\/div>\n\t\t\t\t\t<\/div>\n\t\t<\/section>\n\t\t\t\t<section class=\"elementor-section elementor-top-section elementor-element elementor-element-4810604 elementor-section-full_width elementor-section-height-default elementor-section-height-default\" data-id=\"4810604\" data-element_type=\"section\">\n\t\t\t\t\t\t<div class=\"elementor-container elementor-column-gap-default\">\n\t\t\t\t\t\t\t<div class=\"elementor-row\">\n\t\t\t\t\t<div class=\"elementor-column elementor-col-100 elementor-top-column elementor-element elementor-element-4c0028d\" data-id=\"4c0028d\" data-element_type=\"column\">\n\t\t\t<div class=\"elementor-column-wrap elementor-element-populated\">\n\t\t\t\t\t\t\t<div class=\"elementor-widget-wrap\">\n\t\t\t\t\t\t<div class=\"elementor-element elementor-element-abc437a elementor-widget elementor-widget-text-editor\" data-id=\"abc437a\" data-element_type=\"widget\" data-widget_type=\"text-editor.default\">\n\t\t\t\t<div class=\"elementor-widget-container\">\n\t\t\t\t\t\t\t\t<div class=\"elementor-text-editor elementor-clearfix\">\n\t\t\t\t<p align=\"JUSTIFY\"><b>Vous \u00eates auteur mis en cause ou victime des faits reproch\u00e9s et vous avez re\u00e7u une convocation aux fins de m\u00e9diation p\u00e9nale. Sachez que vous avez la facult\u00e9 de vous faire assister, dans le cadre du rendez-vous de m\u00e9diation p\u00e9nale, par un avocat. <\/b><\/p>\n<p align=\"JUSTIFY\"><b>Si vous parvenez \u00e0 un accord amiable entre vous, l&rsquo;association saisie de la m\u00e9diation p\u00e9nale sur r\u00e9quisitions du Procureur de la R\u00e9publique, dresse un constat de m\u00e9diation p\u00e9nale et en fait retour au Parquet. En cas de refus de la tentative de m\u00e9diation, ou en cas de d\u00e9faut de l&rsquo;une ou l&rsquo;autre des personnes convoqu\u00e9es, l&rsquo;association renvoie le dossier au Procureur, lequel peut prendre l&rsquo;initiative ou non de poursuites p\u00e9nales.<\/b><\/p>\t\t\t\t\t<\/div>\n\t\t\t\t\t\t<\/div>\n\t\t\t\t<\/div>\n\t\t\t\t\t\t<\/div>\n\t\t\t\t\t<\/div>\n\t\t<\/div>\n\t\t\t\t\t\t\t\t<\/div>\n\t\t\t\t\t<\/div>\n\t\t<\/section>\n\t\t\t\t<section class=\"elementor-section elementor-top-section elementor-element elementor-element-b95f6be elementor-section-boxed elementor-section-height-default elementor-section-height-default\" data-id=\"b95f6be\" data-element_type=\"section\">\n\t\t\t\t\t\t<div class=\"elementor-container elementor-column-gap-default\">\n\t\t\t\t\t\t\t<div class=\"elementor-row\">\n\t\t\t\t\t<div class=\"elementor-column elementor-col-33 elementor-top-column elementor-element elementor-element-ac62c11\" data-id=\"ac62c11\" data-element_type=\"column\">\n\t\t\t<div class=\"elementor-column-wrap\">\n\t\t\t\t\t\t\t<div class=\"elementor-widget-wrap\">\n\t\t\t\t\t\t\t\t<\/div>\n\t\t\t\t\t<\/div>\n\t\t<\/div>\n\t\t\t\t<div class=\"elementor-column elementor-col-33 elementor-top-column elementor-element elementor-element-ab751b6\" data-id=\"ab751b6\" data-element_type=\"column\">\n\t\t\t<div class=\"elementor-column-wrap elementor-element-populated\">\n\t\t\t\t\t\t\t<div class=\"elementor-widget-wrap\">\n\t\t\t\t\t\t<div class=\"elementor-element elementor-element-802bc73 elementor-widget elementor-widget-image\" data-id=\"802bc73\" data-element_type=\"widget\" data-widget_type=\"image.default\">\n\t\t\t\t<div class=\"elementor-widget-container\">\n\t\t\t\t\t\t\t\t<div class=\"elementor-image\">\n\t\t\t\t\t\t\t\t\t\t\t\t\t<a href=\"https:\/\/www.justice.fr\/fiche\/mediation-penale\" target=\"_blank\">\n\t\t\t\t\t\t\t<img loading=\"lazy\" decoding=\"async\" width=\"251\" height=\"201\" src=\"https:\/\/maisondejusticetdudroit.fr\/wp-content\/uploads\/2019\/12\/En-savoir-.png\" class=\"attachment-large size-large no-lazy\" alt=\"\" \/>\t\t\t\t\t\t\t\t<\/a>\n\t\t\t\t\t\t\t\t\t\t\t\t\t\t<\/div>\n\t\t\t\t\t\t<\/div>\n\t\t\t\t<\/div>\n\t\t\t\t\t\t<\/div>\n\t\t\t\t\t<\/div>\n\t\t<\/div>\n\t\t\t\t<div class=\"elementor-column elementor-col-33 elementor-top-column elementor-element elementor-element-1ca7d2f\" data-id=\"1ca7d2f\" data-element_type=\"column\">\n\t\t\t<div class=\"elementor-column-wrap\">\n\t\t\t\t\t\t\t<div class=\"elementor-widget-wrap\">\n\t\t\t\t\t\t\t\t<\/div>\n\t\t\t\t\t<\/div>\n\t\t<\/div>\n\t\t\t\t\t\t\t\t<\/div>\n\t\t\t\t\t<\/div>\n\t\t<\/section>\n\t\t\t\t\t\t\t\t\t<\/div>\n\t\t\t<\/div>\n\t\t\t\t\t<\/div>\n\t\t","protected":false},"excerpt":{"rendered":"<p>Le procureur de la r\u00e9publique saisi d&rsquo;une plainte peut faire proc\u00e9der \u00e0 une mission de m\u00e9diation p\u00e9nale s&rsquo;il lui appara\u00eet que cette mesure peut permettre d&rsquo;assurer la r\u00e9paration du dommage subi par la victime, ou de mettre fin au trouble r\u00e9sultant de l&rsquo;infraction, ou de contribuer au reclassement de l&rsquo;auteur des faits. Les auteurs et <a class=\"more-link\" href=\"https:\/\/maisondejusticetdudroit.fr\/index.php\/activite-judiciaire\/\">Lire plus &#8230;<\/a><\/p>\n","protected":false},"author":1,"featured_media":0,"parent":0,"menu_order":0,"comment_status":"closed","ping_status":"closed","template":"","meta":{"footnotes":""},"yoast_head":"<!-- This site is optimized with the Yoast SEO plugin v19.7.2 - https:\/\/yoast.com\/wordpress\/plugins\/seo\/ -->\n<title>Vous \u00eates convoqu\u00e9(e) dans le cadre d&#039;un rendez-vous de m\u00e9diation p\u00e9nale - Maison De Justice et du Droit de La Rochelle<\/title>\n<meta name=\"robots\" content=\"index, follow, max-snippet:-1, max-image-preview:large, max-video-preview:-1\" \/>\n<link rel=\"canonical\" href=\"https:\/\/maisondejusticetdudroit.fr\/index.php\/activite-judiciaire\/\" \/>\n<meta property=\"og:locale\" content=\"fr_FR\" \/>\n<meta property=\"og:type\" content=\"article\" \/>\n<meta property=\"og:title\" content=\"Vous \u00eates convoqu\u00e9(e) dans le cadre d&#039;un rendez-vous de m\u00e9diation p\u00e9nale - Maison De Justice et du Droit de La Rochelle\" \/>\n<meta property=\"og:description\" content=\"Le procureur de la r\u00e9publique saisi d&rsquo;une plainte peut faire proc\u00e9der \u00e0 une mission de m\u00e9diation p\u00e9nale s&rsquo;il lui appara\u00eet que cette mesure peut permettre d&rsquo;assurer la r\u00e9paration du dommage subi par la victime, ou de mettre fin au trouble r\u00e9sultant de l&rsquo;infraction, ou de contribuer au reclassement de l&rsquo;auteur des faits. Les auteurs et Lire plus ...\" \/>\n<meta property=\"og:url\" content=\"https:\/\/maisondejusticetdudroit.fr\/index.php\/activite-judiciaire\/\" \/>\n<meta property=\"og:site_name\" content=\"Maison De Justice et du Droit de La Rochelle\" \/>\n<meta property=\"article:modified_time\" content=\"2021-03-21T17:49:54+00:00\" \/>\n<meta property=\"og:image\" content=\"https:\/\/maisondejusticetdudroit.fr\/wp-content\/uploads\/2019\/12\/En-savoir-.png\" \/>\n<meta name=\"twitter:card\" content=\"summary_large_image\" \/>\n<meta name=\"twitter:label1\" content=\"Dur\u00e9e de lecture estim\u00e9e\" \/>\n\t<meta name=\"twitter:data1\" content=\"1 minute\" \/>\n<script type=\"application\/ld+json\" class=\"yoast-schema-graph\">{\"@context\":\"https:\/\/schema.org\",\"@graph\":[{\"@type\":\"WebPage\",\"@id\":\"https:\/\/maisondejusticetdudroit.fr\/index.php\/activite-judiciaire\/\",\"url\":\"https:\/\/maisondejusticetdudroit.fr\/index.php\/activite-judiciaire\/\",\"name\":\"Vous \u00eates convoqu\u00e9(e) dans le cadre d'un rendez-vous de m\u00e9diation p\u00e9nale - Maison De Justice et du Droit de La Rochelle\",\"isPartOf\":{\"@id\":\"https:\/\/maisondejusticetdudroit.fr\/#website\"},\"datePublished\":\"2019-12-04T13:15:22+00:00\",\"dateModified\":\"2021-03-21T17:49:54+00:00\",\"breadcrumb\":{\"@id\":\"https:\/\/maisondejusticetdudroit.fr\/index.php\/activite-judiciaire\/#breadcrumb\"},\"inLanguage\":\"fr-FR\",\"potentialAction\":[{\"@type\":\"ReadAction\",\"target\":[\"https:\/\/maisondejusticetdudroit.fr\/index.php\/activite-judiciaire\/\"]}]},{\"@type\":\"BreadcrumbList\",\"@id\":\"https:\/\/maisondejusticetdudroit.fr\/index.php\/activite-judiciaire\/#breadcrumb\",\"itemListElement\":[{\"@type\":\"ListItem\",\"position\":1,\"name\":\"Accueil\",\"item\":\"https:\/\/maisondejusticetdudroit.fr\/\"},{\"@type\":\"ListItem\",\"position\":2,\"name\":\"Vous \u00eates convoqu\u00e9(e) dans le cadre d&rsquo;un rendez-vous de m\u00e9diation p\u00e9nale\"}]},{\"@type\":\"WebSite\",\"@id\":\"https:\/\/maisondejusticetdudroit.fr\/#website\",\"url\":\"https:\/\/maisondejusticetdudroit.fr\/\",\"name\":\"Maison De Justice et du Droit de La Rochelle\",\"description\":\"Un service gratuit et confidentiel d&#039;information juridique\",\"publisher\":{\"@id\":\"https:\/\/maisondejusticetdudroit.fr\/#organization\"},\"potentialAction\":[{\"@type\":\"SearchAction\",\"target\":{\"@type\":\"EntryPoint\",\"urlTemplate\":\"https:\/\/maisondejusticetdudroit.fr\/?s={search_term_string}\"},\"query-input\":\"required name=search_term_string\"}],\"inLanguage\":\"fr-FR\"},{\"@type\":\"Organization\",\"@id\":\"https:\/\/maisondejusticetdudroit.fr\/#organization\",\"name\":\"Maison de justice et du droit de La Rochelle\",\"url\":\"https:\/\/maisondejusticetdudroit.fr\/\",\"sameAs\":[],\"logo\":{\"@type\":\"ImageObject\",\"inLanguage\":\"fr-FR\",\"@id\":\"https:\/\/maisondejusticetdudroit.fr\/#\/schema\/logo\/image\/\",\"url\":\"https:\/\/maisondejusticetdudroit.fr\/wp-content\/uploads\/2019\/12\/logo_MDJ.png\",\"contentUrl\":\"https:\/\/maisondejusticetdudroit.fr\/wp-content\/uploads\/2019\/12\/logo_MDJ.png\",\"width\":360,\"height\":270,\"caption\":\"Maison de justice et du droit de La Rochelle\"},\"image\":{\"@id\":\"https:\/\/maisondejusticetdudroit.fr\/#\/schema\/logo\/image\/\"}}]}<\/script>\n<!-- \/ Yoast SEO plugin. -->","yoast_head_json":{"title":"Vous \u00eates convoqu\u00e9(e) dans le cadre d'un rendez-vous de m\u00e9diation p\u00e9nale - Maison De Justice et du Droit de La Rochelle","robots":{"index":"index","follow":"follow","max-snippet":"max-snippet:-1","max-image-preview":"max-image-preview:large","max-video-preview":"max-video-preview:-1"},"canonical":"https:\/\/maisondejusticetdudroit.fr\/index.php\/activite-judiciaire\/","og_locale":"fr_FR","og_type":"article","og_title":"Vous \u00eates convoqu\u00e9(e) dans le cadre d'un rendez-vous de m\u00e9diation p\u00e9nale - Maison De Justice et du Droit de La Rochelle","og_description":"Le procureur de la r\u00e9publique saisi d&rsquo;une plainte peut faire proc\u00e9der \u00e0 une mission de m\u00e9diation p\u00e9nale s&rsquo;il lui appara\u00eet que cette mesure peut permettre d&rsquo;assurer la r\u00e9paration du dommage subi par la victime, ou de mettre fin au trouble r\u00e9sultant de l&rsquo;infraction, ou de contribuer au reclassement de l&rsquo;auteur des faits. Les auteurs et Lire plus ...","og_url":"https:\/\/maisondejusticetdudroit.fr\/index.php\/activite-judiciaire\/","og_site_name":"Maison De Justice et du Droit de La Rochelle","article_modified_time":"2021-03-21T17:49:54+00:00","og_image":[{"url":"https:\/\/maisondejusticetdudroit.fr\/wp-content\/uploads\/2019\/12\/En-savoir-.png"}],"twitter_card":"summary_large_image","twitter_misc":{"Dur\u00e9e de lecture estim\u00e9e":"1 minute"},"schema":{"@context":"https:\/\/schema.org","@graph":[{"@type":"WebPage","@id":"https:\/\/maisondejusticetdudroit.fr\/index.php\/activite-judiciaire\/","url":"https:\/\/maisondejusticetdudroit.fr\/index.php\/activite-judiciaire\/","name":"Vous \u00eates convoqu\u00e9(e) dans le cadre d'un rendez-vous de m\u00e9diation p\u00e9nale - Maison De Justice et du Droit de La Rochelle","isPartOf":{"@id":"https:\/\/maisondejusticetdudroit.fr\/#website"},"datePublished":"2019-12-04T13:15:22+00:00","dateModified":"2021-03-21T17:49:54+00:00","breadcrumb":{"@id":"https:\/\/maisondejusticetdudroit.fr\/index.php\/activite-judiciaire\/#breadcrumb"},"inLanguage":"fr-FR","potentialAction":[{"@type":"ReadAction","target":["https:\/\/maisondejusticetdudroit.fr\/index.php\/activite-judiciaire\/"]}]},{"@type":"BreadcrumbList","@id":"https:\/\/maisondejusticetdudroit.fr\/index.php\/activite-judiciaire\/#breadcrumb","itemListElement":[{"@type":"ListItem","position":1,"name":"Accueil","item":"https:\/\/maisondejusticetdudroit.fr\/"},{"@type":"ListItem","position":2,"name":"Vous \u00eates convoqu\u00e9(e) dans le cadre d&rsquo;un rendez-vous de m\u00e9diation p\u00e9nale"}]},{"@type":"WebSite","@id":"https:\/\/maisondejusticetdudroit.fr\/#website","url":"https:\/\/maisondejusticetdudroit.fr\/","name":"Maison De Justice et du Droit de La Rochelle","description":"Un service gratuit et confidentiel d&#039;information juridique","publisher":{"@id":"https:\/\/maisondejusticetdudroit.fr\/#organization"},"potentialAction":[{"@type":"SearchAction","target":{"@type":"EntryPoint","urlTemplate":"https:\/\/maisondejusticetdudroit.fr\/?s={search_term_string}"},"query-input":"required name=search_term_string"}],"inLanguage":"fr-FR"},{"@type":"Organization","@id":"https:\/\/maisondejusticetdudroit.fr\/#organization","name":"Maison de justice et du droit de La Rochelle","url":"https:\/\/maisondejusticetdudroit.fr\/","sameAs":[],"logo":{"@type":"ImageObject","inLanguage":"fr-FR","@id":"https:\/\/maisondejusticetdudroit.fr\/#\/schema\/logo\/image\/","url":"https:\/\/maisondejusticetdudroit.fr\/wp-content\/uploads\/2019\/12\/logo_MDJ.png","contentUrl":"https:\/\/maisondejusticetdudroit.fr\/wp-content\/uploads\/2019\/12\/logo_MDJ.png","width":360,"height":270,"caption":"Maison de justice et du droit de La Rochelle"},"image":{"@id":"https:\/\/maisondejusticetdudroit.fr\/#\/schema\/logo\/image\/"}}]}},"_links":{"self":[{"href":"https:\/\/maisondejusticetdudroit.fr\/index.php\/wp-json\/wp\/v2\/pages\/954"}],"collection":[{"href":"https:\/\/maisondejusticetdudroit.fr\/index.php\/wp-json\/wp\/v2\/pages"}],"about":[{"href":"https:\/\/maisondejusticetdudroit.fr\/index.php\/wp-json\/wp\/v2\/types\/page"}],"author":[{"embeddable":true,"href":"https:\/\/maisondejusticetdudroit.fr\/index.php\/wp-json\/wp\/v2\/users\/1"}],"replies":[{"embeddable":true,"href":"https:\/\/maisondejusticetdudroit.fr\/index.php\/wp-json\/wp\/v2\/comments?post=954"}],"version-history":[{"count":28,"href":"https:\/\/maisondejusticetdudroit.fr\/index.php\/wp-json\/wp\/v2\/pages\/954\/revisions"}],"predecessor-version":[{"id":4471,"href":"https:\/\/maisondejusticetdudroit.fr\/index.php\/wp-json\/wp\/v2\/pages\/954\/revisions\/4471"}],"wp:attachment":[{"href":"https:\/\/maisondejusticetdudroit.fr\/index.php\/wp-json\/wp\/v2\/media?parent=954"}],"curies":[{"name":"wp","href":"https:\/\/api.w.org\/{rel}","templated":true}]}}